{"id":1924,"date":"2022-08-04T15:42:16","date_gmt":"2022-08-04T14:42:16","guid":{"rendered":"https:\/\/www.inserm-u1000.universite-paris-saclay.fr\/?page_id=1924"},"modified":"2024-02-29T19:15:31","modified_gmt":"2024-02-29T18:15:31","slug":"year-2020","status":"publish","type":"page","link":"https:\/\/www.inserm-u1000.universite-paris-saclay.fr\/?page_id=1924","title":{"rendered":"Year 2020"},"content":{"rendered":"\n<div class=\"rslt\">\n<p style=\"text-align: justify;\"><span style=\"color: #3366ff;\"><a style=\"color: #3366ff;\" href=\"https:\/\/www.ncbi.nlm.nih.gov\/pubmed\/31811901\"><strong>Sex effects on structural maturation of the limbic system and outcomes on emotional regulation during adolescence.\u00a0<\/strong><\/a><\/span><\/p>\n<p>Neuroimage. 2020 Apr 15;210:116441. <a href=\"https:\/\/www.inserm-u1000.universite-paris-saclay.fr\/wp-content\/uploads\/2020\/03\/Sex-effects.pdf\">Sex effects<\/a><\/p>\n<p style=\"text-align: justify;\"><span style=\"display: inline !important; float: none; background-color: #ffffff; color: #141412; cursor: text; font-family: 'Source Sans Pro',Helvetica,sans-serif; font-size: 16px; font-style: normal; font-variant: normal; font-weight: 400; letter-spacing: normal; orphans: 2; text-align: left; text-decoration: none; text-indent: 0px; text-transform: none; -webkit-text-stroke-width: 0px; white-space: normal; word-spacing: 0px;\">Frere PB, Vetter NC, <\/span><strong>Artiges E<\/strong><span style=\"display: inline !important; float: none; background-color: #ffffff; color: #141412; cursor: text; font-family: 'Source Sans Pro',Helvetica,sans-serif; font-size: 16px; font-style: normal; font-variant: normal; font-weight: 400; letter-spacing: normal; orphans: 2; text-align: left; text-decoration: none; text-indent: 0px; text-transform: none; -webkit-text-stroke-width: 0px; white-space: normal; word-spacing: 0px;\">, Filippi I, Miranda R, Vulser H, <\/span><strong>Paill\u00e8re-Martinot ML<\/strong><span style=\"display: inline !important; float: none; background-color: #ffffff; color: #141412; cursor: text; font-family: 'Source Sans Pro',Helvetica,sans-serif; font-size: 16px; font-style: normal; font-variant: normal; font-weight: 400; letter-spacing: normal; orphans: 2; text-align: left; text-decoration: none; text-indent: 0px; text-transform: none; -webkit-text-stroke-width: 0px; white-space: normal; word-spacing: 0px;\">, Ziesch V, Conrod P, Cattrell A, Walter H, Gallinat J, Bromberg U, Jurk S, Menningen E, Frouin V, Papadopoulos Orfanos D, Stringaris A, Penttil\u00e4 J, van Noort B, Grimmer Y, Schumann G, Smolka MN,\u00a0<\/span><strong>Martinot JL<\/strong><span style=\"display: inline !important; float: none; background-color: #ffffff; color: #141412; cursor: text; font-family: 'Source Sans Pro',Helvetica,sans-serif; font-size: 16px; font-style: normal; font-variant: normal; font-weight: 400; letter-spacing: normal; orphans: 2; text-align: left; text-decoration: none; text-indent: 0px; text-transform: none; -webkit-text-stroke-width: 0px; white-space: normal; word-spacing: 0px;\">, Lema\u00eetre H; IMAGEN Consortium.<\/span><\/p>\n<p class=\"title\"><span style=\"color: #3366ff;\"><strong><a style=\"color: #3366ff;\" href=\"https:\/\/www.ncbi.nlm.nih.gov\/pubmed\/32062107\">Metabolic correlates of cognitive impairment in mesial temporal lobe epilepsy.<\/a><\/strong><\/span><\/p>\n<\/div>\n<p><span class=\"jrnl\" title=\"Epilepsy &amp; behavior : E&amp;B\">Epilepsy Behav<\/span>. 2020 Feb 13;105:106948. doi: 10.1016\/j.yebeh.2020.106948. [Epub ahead of print]<\/p>\n<p>Laurent A,\u00a0 <b>Artiges E<\/b>, Mellerio C, Boutin-Watine M, Landr\u00e9 E, Semah F, Chassoux F.<\/p>\n<p style=\"text-align: justify;\"><span style=\"color: #3366ff;\"><strong><a style=\"color: #3366ff;\" href=\"https:\/\/www.ncbi.nlm.nih.gov\/pubmed\/31732277\">Lower midbrain dopamine transporter availability in depressed patients: Report from high-resolution PET Imaging.<\/a><\/strong><\/span><\/p>\n<p>J Affect Disord. 2020 Feb 1;262:273-277. doi: 10.1016\/j.jad.2019.10.041. Epub 2019 Oct 30.<\/p>\n<p>Dubol M, <strong>Trichard C<\/strong>, Leroy C, <strong>Granger B<\/strong>, Tzavara ET,\u00a0<strong>Martinot JL<\/strong>, <strong>Artiges E<\/strong>.<\/p>\n<p style=\"text-align: justify;\"><span style=\"color: #3366ff;\"><a style=\"color: #3366ff;\" href=\"https:\/\/www.ncbi.nlm.nih.gov\/pubmed\/31732920\"><strong>Posterior Fossa Arachnoid Cyst in a Pediatric Population is Associated with Social Perception and Rest Cerebral Blood Flow Abnormalities.<\/strong><\/a><\/span><\/p>\n<p>Cerebellum. 2020 Feb;19(1):58-67.\u00a0<\/p>\n<p>Rechtman E, Puget S, <strong>Saitovitch A<\/strong>, Lemaitre H, <strong>Fillion L<\/strong>, Tacchella JM, <strong>Boisgontier J<\/strong>, Cuny ML, <strong>Boddaert N<\/strong>,\u00a0<b>Zilbovicius M<\/b>.<\/p>\n<p><span style=\"color: #3366ff;\"><strong><a style=\"color: #3366ff;\" href=\"https:\/\/www.ncbi.nlm.nih.gov\/pubmed\/32036019\">The empirical replicability of task-based fMRI as a function of sample size.<\/a><\/strong><\/span><\/p>\n<p><span class=\"jrnl\" title=\"NeuroImage\">Neuroimage<\/span>. 2020 Feb 7;212:116601. doi: 10.1016\/j.neuroimage.2020.116601. [Epub ahead of print] <a href=\"https:\/\/www.inserm-u1000.universite-paris-saclay.fr\/wp-content\/uploads\/2020\/03\/the-empirical.pdf\">the empirical<\/a><\/p>\n<p style=\"text-align: justify;\">Bossier H, Roels SP, Seurinck R, Banaschewski T, Barker GJ, Bokde ALW, Quinlan EB, Desrivi\u00e8res S, Flor H, Grigis A, Garavan H, Gowland P, Heinz A, Ittermann B, <b>Martinot JL<\/b>, <strong>Artiges E<\/strong>, Nees F, Orfanos DP, Poustka L, Fr\u00f6hner Dipl-Psych JH, Smolka MN, Walter H, Whelan R, Schumann G, Moerkerke B; IMAGEN Consortium.<\/p>\n<p><strong><span style=\"color: #3366ff;\"><a style=\"color: #3366ff;\" href=\"https:\/\/www.ncbi.nlm.nih.gov\/pubmed\/31988389\">Predicting change trajectories of neuroticism from baseline brain structure using whole brain analyses and latent growth curve models in adolescents.<\/a><\/span><\/strong><\/p>\n<p><span class=\"jrnl\" title=\"Scientific reports\">Sci Rep<\/span>. 2020 Jan 27;10(1):1207. doi: 10.1038\/s41598-020-58128-x. <a href=\"https:\/\/www.inserm-u1000.universite-paris-saclay.fr\/wp-content\/uploads\/2020\/03\/predicting-change.pdf\">predicting change<\/a><\/p>\n<p style=\"text-align: justify;\">K\u00fchn S, Mascherek A, Banaschewski T, Bokde ALW, B\u00fcchel C, Quinlan EB, Desrivi\u00e8res S, Flor H, Grigis A, Garavan H, Gowland P, Heinz A, Ittermann B, <strong>Martinot JL<\/strong>, <strong>Paill\u00e8re-Martinot ML<\/strong>, Nees F, Orfanos DP, Paus T, Poustka L, Millenet S, Fr\u00f6hner JH, Smolka MN, Walter H, Whelan R, Schumann G, Lindenberger U, Gallinat J.<\/p>\n<p><span style=\"color: #3366ff;\"><strong><a style=\"color: #3366ff;\" href=\"https:\/\/www.ncbi.nlm.nih.gov\/pubmed\/31990937\">Genome wide association study of incomplete hippocampal inversion in adolescents.<\/a><\/strong><\/span><\/p>\n<p><span class=\"jrnl\" title=\"PloS one\">PLoS One<\/span>. 2020 Jan 28;15(1):e0227355. doi: 10.1371\/journal.pone.0227355. eCollection 2020. <a href=\"https:\/\/www.inserm-u1000.universite-paris-saclay.fr\/wp-content\/uploads\/2020\/03\/Genome-wide.pdf\">Genome wide<\/a><\/p>\n<p style=\"text-align: justify;\">Cury C, Scelsi MA, Toro R, Frouin V, <strong>Artiges E<\/strong>, Grigis A, Heinz A, Lema\u00eetre H, <b>Martinot JL<\/b>, Poline JB, Smolka MN, Walter H, Schumann G, Altmann A, Colliot O; IMAGEN Consortium.<\/p>\n<p><span style=\"color: #3366ff;\"><strong>The genetic architecture of the human cerebral cortex.<\/strong><\/span><\/p>\n<p>Science. 202 Mar 20; 367(6484):eaay6990. doi: 10.1126\/science.aay6690.<\/p>\n<p style=\"text-align: justify;\">Katrina L Grasby #, Neda Jahanshad #, Jodie N Painter #, Luc\u00eda Colodro-Conde #, Janita Bralten #, Derrek P Hibar #, Penelope A Lind #, Fabrizio Pizzagalli #, Christopher R K Ching, Mary Agnes B McMahon, Natalia Shatokhina, Leo C P Zsembik, Sophia I Thomopoulos, Alyssa H Zhu, Lachlan T Strike, Ingrid Agartz, Saud Alhusaini, Marcio A A Almeida, Dag Aln\u00e6s, Inge K Amlien, Micael Andersson, Tyler Ard, Nicola J Armstrong, Allison Ashley-Koch, Joshua R Atkins, Manon Bernard, Rachel M Brouwer, Elizabeth E L Buimer, Robin B\u00fclow, Christian B\u00fcrger, Dara M Cannon, Mallar Chakravarty, Qiang Chen, Joshua W Cheung, Baptiste Couvy-Duchesne, Anders M Dale, Shareefa Dalvie, T\u00e2nia K de Araujo, Greig I de Zubicaray, Sonja M C de Zwarte, Anouk den Braber, Nhat Trung Doan, Katharina Dohm, Stefan Ehrlich, Hannah-Ruth Engelbrecht, Susanne Erk, Chun Chieh Fan, Iryna O Fedko, Sonya F Foley, Judith M Ford, Masaki Fukunaga, Melanie E Garrett, Tian Ge, Sudheer Giddaluru, Aaron L Goldman, Melissa J Green, Nynke A Groenewold, Dominik Grotegerd, Tiril P Gurholt, Boris A Gutman, Narelle K Hansell, Mathew A Harris, Marc B Harrison, Courtney C Haswell, Michael Hauser, Stefan Herms, Dirk J Heslenfeld, New Fei Ho, David Hoehn, Per Hoffmann, Laurena Holleran, Martine Hoogman, Jouke-Jan Hottenga, Masashi Ikeda, Deborah Janowitz, Iris E Jansen, Tianye Jia, Christiane Jockwitz, Ryota Kanai, Sherif Karama, Dalia Kasperaviciute, Tobias Kaufmann, Sinead Kelly, Masataka Kikuchi, Marieke Klein, Michael Knapp, Annchen R Knodt, Bernd Kr\u00e4mer, Max Lam, Thomas M Lancaster, Phil H Lee, Tristram A Lett, Lindsay B Lewis, Iscia Lopes-Cendes, Michelle Luciano, Fabio Macciardi, Andre F Marquand, Samuel R Mathias, Tracy R Melzer, Yuri Milaneschi, Nazanin Mirza-Schreiber, Jose C V Moreira, Thomas W M\u00fchleisen, Bertram M\u00fcller-Myhsok, Pablo Najt, Soichiro Nakahara, Kwangsik Nho, Loes M Olde Loohuis, Dimitri Papadopoulos Orfanos, John F Pearson, Toni L Pitcher, Benno P\u00fctz, Yann Quid\u00e9, Anjanibhargavi Ragothaman, Faisal M Rashid, William R Reay, Ronny Redlich, C\u00e9line S Reinbold, Jonathan Repple, Genevi\u00e8ve Richard, Brandalyn C Riedel, Shannon L Risacher, Cristiane S Rocha, Nina Roth Mota, Lauren Salminen, Arvin Saremi, Andrew J Saykin, Fenja Schlag, Lianne Schmaal, Peter R Schofield, Rodrigo Secolin, Chin Yang Shapland, Li Shen, Jean Shin, Elena Shumskaya, Ida E S\u00f8nderby, Emma Sprooten, Katherine E Tansey, Alexander Teumer, Anbupalam Thalamuthu, Diana Tordesillas-Guti\u00e9rrez, Jessica A Turner, Anne Uhlmann, Costanza Ludovica Vallerga, Dennis van der Meer, Marjolein M J van Donkelaar, Liza van Eijk, Theo G M van Erp, Neeltje E M van Haren, Daan van Rooij, Marie-Jos\u00e9 van Tol, Jan H Veldink, Ellen Verhoef, Esther Walton, Mingyuan Wang, Yunpeng Wang, Joanna M Wardlaw, Wei Wen, Lars T Westlye, Christopher D Whelan, Stephanie H Witt, Katharina Wittfeld, Christiane Wolf, Thomas Wolfers, Jing Qin Wu, Clarissa L Yasuda, Dario Zaremba, Zuo Zhang, Marcel P Zwiers, <strong>Eric Artiges<\/strong>, Amelia A Assareh, Rosa Ayesa-Arriola, Aysenil Belger, Christine L Brandt, Gregory G Brown, Sven Cichon, Joanne E Curran, Gareth E Davies, Franziska Degenhardt, Michelle F Dennis, Bruno Dietsche, Srdjan Djurovic, Colin P Doherty, Ryan Espiritu, Daniel Garijo, Yolanda Gil, Penny A Gowland, Robert C Green, Alexander N H\u00e4usler, Walter Heindel, Beng-Choon Ho, Wolfgang U Hoffmann, Florian Holsboer, Georg Homuth, Norbert Hosten, Clifford R Jack Jr, MiHyun Jang, Andreas Jansen, Nathan A Kimbrel, Knut Kolsk\u00e5r, Sanne Koops, Axel Krug, Kelvin O Lim, Jurjen J Luykx, Daniel H Mathalon, Karen A Mather, Venkata S Mattay, Sarah Matthews, Jaqueline Mayoral Van Son, Sarah C McEwen, Ingrid Melle, Derek W Morris, Bryon A Mueller, Matthias Nauck, Jan E Nordvik, Markus M N\u00f6then, Daniel S O&rsquo;Leary, Nils Opel, <strong>Marie-Laure Paill\u00e8re Martinot<\/strong>, G Bruce Pike, Adrian Preda, Erin B Quinlan, Paul E Rasser, Varun Ratnakar, Simone Reppermund, Vidar M Steen, Paul A Tooney, F\u00e1bio R Torres, Dick J Veltman, James T Voyvodic, Robert Whelan, Tonya White, Hidenaga Yamamori, Hieab H H Adams, Joshua C Bis, Stephanie Debette, Charles Decarli, Myriam Fornage, Vilmundur Gudnason, Edith Hofer, M Arfan Ikram, Lenore Launer, W T Longstreth, Oscar L Lopez, Bernard Mazoyer, Thomas H Mosley, Gennady V Roshchupkin, Claudia L Satizabal, Reinhold Schmidt, Sudha Seshadri, Qiong Yang, Alzheimer\u2019s Disease Neuroimaging Initiative; CHARGE Consortium; EPIGEN Consortium; IMAGEN Consortium; SYS Consortium; Parkinson\u2019s Progression Markers Initiative; Marina K M Alvim, David Ames, Tim J Anderson, Ole A Andreassen, Alejandro Arias-Vasquez, Mark E Bastin, Bernhard T Baune, Jean C Beckham, John Blangero, Dorret I Boomsma, Henry Brodaty, Han G Brunner, Randy L Buckner, Jan K Buitelaar, Juan R Bustillo, Wiepke Cahn, Murray J Cairns, Vince Calhoun, Vaughan J Carr, Xavier Caseras, Svenja Caspers, Gianpiero L Cavalleri, Fernando Cendes, Aiden Corvin, Benedicto Crespo-Facorro, John C Dalrymple-Alford, Udo Dannlowski, Eco J C de Geus, Ian J Deary, Norman Delanty, Chantal Depondt, Sylvane Desrivi\u00e8res, Gary Donohoe, Thomas Espeseth, Guill\u00e9n Fern\u00e1ndez, Simon E Fisher, Herta Flor, Andreas J Forstner, Clyde Francks, Barbara Franke, David C Glahn, Randy L Gollub, Hans J Grabe, Oliver Gruber, Asta K H\u00e5berg, Ahmad R Hariri, Catharina A Hartman, Ryota Hashimoto, Andreas Heinz, Frans A Henskens, Manon H J Hillegers, Pieter J Hoekstra, Avram J Holmes, L Elliot Hong, William D Hopkins, Hilleke E Hulshoff Pol, Terry L Jernigan, Erik G J\u00f6nsson, Ren\u00e9 S Kahn, Martin A Kennedy, Tilo T J Kircher, Peter Kochunov, John B J Kwok, Stephanie Le Hellard, Carmel M Loughland, Nicholas G Martin, <strong>Jean-Luc Martinot<\/strong>, Colm McDonald, Katie L McMahon, Andreas Meyer-Lindenberg, Patricia T Michie, Rajendra A Morey, Bryan Mowry, Lars Nyberg, Jaap Oosterlaan, Roel A Ophoff, Christos Pantelis, Tomas Paus, Zdenka Pausova, Brenda W J H Penninx, Tinca J C Polderman, Danielle Posthuma, Marcella Rietschel, Joshua L Roffman, Laura M Rowland, Perminder S Sachdev, Philipp G S\u00e4mann, Ulrich Schall, Gunter Schumann, Rodney J Scott, Kang Sim, Sanjay M Sisodiya, Jordan W Smoller, Iris E Sommer, Beate St Pourcain, Dan J Stein, Arthur W Toga, Julian N Trollor, Nic J A Van der Wee, Dennis van &lsquo;t Ent, Henry V\u00f6lzke, Henrik Walter, Bernd Weber, Daniel R Weinberger, Margaret J Wright, Juan Zhou, Jason L Stein #, Paul M Thompson #, Sarah E Medland #, Enhancing NeuroImaging Genetics through Meta-Analysis Consortium (ENIGMA)\u2014Genetics working group.<\/p>\n<p><span style=\"color: #3366ff;\"><strong>Identifying biological markers for improved precision medicine <\/strong><\/span><span style=\"color: #3366ff;\"><strong>in psychiatry. <a href=\"https:\/\/www.inserm-u1000.universite-paris-saclay.fr\/wp-content\/uploads\/2020\/12\/identifying-biological-markers.pdf\">identifying biological markers<\/a><\/strong><\/span><\/p>\n<p>Mol Psychiatry. 2020 February ; 25(2): 243\u2013253. doi:10.1038\/s41380-019-0555-5.<\/p>\n<p style=\"text-align: justify;\">Burke Quinlan E, Banaschewski T,\u00a0 Barker GJ, \u00a0Bokde A. L.W., Bromberg U, B\u00fcchel C,<br \/>Desrivi\u00e8res S, Herta Flor, Frouin V, Garavan H, Heinz A, Br\u00fchl R, <strong>Martinot JL<\/strong>, <strong>Paill\u00e8re-Martinot ML<\/strong>, Nees F, Papadopoulos-Orfanos D, Paus T, Poustka L, Hohmann S, Smolka M.N., Fr\u00f6hner J.H., Walter H, Whelan R, Schumann G, IMAGEN Consortium.<\/p>\n<p><span style=\"color: #3366ff;\"><strong>Cognitive and brain development is independentlyinfluenced by socioeconomic status and polygenic scores for educational attainment.\u00a0<\/strong><\/span><a href=\"https:\/\/www.inserm-u1000.universite-paris-saclay.fr\/wp-content\/uploads\/2020\/12\/cognitive-and-brain-development.pdf\">cognitive and brain development<\/a><\/p>\n<p>Proc Natl Acad Sci U S A.\u00a0<span class=\"citation-publication-date\">2020 Jun 2;\u00a0<\/span>117(22): 12411\u201312418.\u00a0<span class=\"\">Published online 2020 May 19.\u00a0<\/span><span class=\"doi\">doi: 10.1073\/pnas.2001228117.<\/span><\/p>\n<p style=\"text-align: justify;\">Judda N, Saucea B, Wiedenhoeftb J, Trompc J , Chaaranid B, Schliepf A, van Noortg B, Penttil\u00e4 J, Grimmeri Y, Insenseej C, Beckerj A, Banaschewskii T, Bokdek A.L.W., Burke-Quinlanm E, Desrivi\u00e8res S, Floro H, Grigis A, Gowland P, Heinz A, Ittermann B, <strong>Martinot JL<\/strong>, <strong>Paill\u00e8re-Martinot ML<\/strong>, <strong>Artiges E<\/strong>, Neesi F, Papadopoulos-Orfanosq D, Paus T, Poustka L, Hohmann S, Millenet S, Fr\u00f6hner J.H., Smolka M.N., \u00a0Walter H, Whelan R, Schumannn G, Garavan H, Klingberg T.<\/p>\n<p><strong><span style=\"color: #3366ff;\">The initiation of cannabis use in adolescence is predicted bysex-specific psychosocial and neurobiological feature<\/span><span style=\"color: #3366ff;\">s<\/span><span style=\"color: #3366ff;\">. <a href=\"https:\/\/www.inserm-u1000.universite-paris-saclay.fr\/wp-content\/uploads\/2020\/12\/the-initiation-of-Cannabis.htm\">the initiation of Cannabis<\/a><\/span><\/strong><\/p>\n<p>Eur J Neurosci. 2019 August ; 50(3): 2346\u20132356. doi:10.1111\/ejn.13989.<\/p>\n<p style=\"text-align: justify;\">Spechler\u00a0P.A., Allgaier N, Chaarani B, Whelan R, Watts, Orr C, Albaugh M.D., D\u2019Alberto N, \u00a0Higgins S.T., Hudson K.E., Mackey S, Potter A, Banaschewski T, Bokde A.L.W., Bromberg U, B\u00fcchel C, Cattrell A, Conrod P.J., Desrivi\u00e8res S, Flor H, Frouin V, Gallinat J, Gowland P, Heinz A, Ittermann B, \u00a0<strong>Martinot JL<\/strong>, <strong>Paill\u00e8re-Martinot ML<\/strong>, Nees F, Papadopoulos-Orfanos D, Paus T, Poustka L, SmolkaM.N., WalterH, Schumann G, Althoff R.R., Garavan H, IMAGEN Consortium.<\/p>\n<p style=\"text-align: justify;\"><span style=\"color: #3366ff;\"><strong>Association between childhood trauma and risk for obesity: a putative neurocognitive<\/strong><\/span><br \/><span style=\"color: #3366ff;\"><strong>developmental pathway. <a href=\"https:\/\/www.inserm-u1000.universite-paris-saclay.fr\/wp-content\/uploads\/2020\/12\/association-between-childhood.pdf\">association between childhood<\/a><\/strong><\/span><\/p>\n<p>BMC Med.\u00a0<span class=\"citation-publication-date\">2020;\u00a0<\/span>18: 278.\u00a0<span class=\"\">Published online 2020 Oct 15.\u00a0<\/span><span class=\"doi\">doi: 10.1186\/s12916-020-01743-2.<\/span><\/p>\n<p style=\"text-align: justify;\">Luo Q, Zhang L, Huang CC, Zheng Y, Kanen J.W., Zhao Q, Yao Y, Quinlan E.B., Jia T, Banaschewski T, Bokde A.L.W., Bromberg U, B\u00fcchel C, Flor H, Frouin V, Garavan H, Gowland P, Heinz A, Ittermann B, <strong>Martinot JL<\/strong>, <strong>Paill\u00e8re-Martinot ML<\/strong>, Nees F, Papadopoulos-Orfanos D, Poustka L, Hohmann S, Fr\u00f6hner J.H., Smolka M.N, Walter H, WhelanR, Sahakian B.J., Schumann G, Li F, Feng J, Desrivi\u00e8res S, Robbins T.W., IMAGEN Consortium.<\/p>\n<p><strong><span style=\"color: #3366ff;\">Distinct brain structure and behavior related to ADHD and conduct disorder traits.<\/span><\/strong><\/p>\n<p>Molecular Psychiatry (2020) 25:3020\u20133033.<\/p>\n<p style=\"text-align: justify;\">Bayard F, Thunell C.T., Ab\u00e9 C, Almeida R, Banaschewski T, Barker G, Bokde A.L.W., Bromberg U, B\u00fcchel C, Burke-Quinlan E, Desrivi\u00e8res S, Flor H, Frouin V, Garavan H, Gowland \u00a0P, Heinz A, Ittermann B, <strong>Martinot JL<\/strong>, \u00a0<strong>Paill\u00e8re-Martinot ML<\/strong>, Nees\u00a0 F, Papadopoulos-Orfanos D, Paus T, Poustka L, Conrod P, \u00a0Stringaris A, Struve M, Penttil\u00e4 J, Kappel V, Grimmer Y, Fadai T, Noort B, Smolka M.N., Vetter N.C., Walter H, Whelan R, Schumann G, Petrovic P, IMAGEN Consortium.<\/p>\n<p style=\"text-align: justify;\"><span style=\"color: #3366ff;\"><strong>Association of Genetic and Phenotypic Assessments With Onset of Disordered Eating Behaviors and Comorbid Mental Health Problems Among Adolescents.<\/strong><\/span><\/p>\n<p><a href=\"https:\/\/www.ncbi.nlm.nih.gov\/pmc\/articles\/PMC7711322\/?report=classic\">JAMA Netw Open<\/a>. 2020 Dec; 3(12): e2026874.<\/p>\n<p style=\"text-align: justify;\">Robinson L, Zhang Z, Jia T, Bobou M, Roach A, Campbell I, Irish M, Burke-Quinlan E, Tay N, Barker E.D., Banaschewski T, Bokde A.L.W., Grigis A, Garavan H, Heinz A, Ittermann B, <strong>Martinot JL<\/strong>, Stringaris A, Penttil\u00e4 J, van Noort B, Grimmer Y, <strong>Paill\u00e8re-Martinot ML<\/strong>, Insensee C, Becker A, Nees F, Papadopoulos-Orfanos D, Paus T, Poustka L, Hohmann S, Fr\u00f6hner J.H., Smolka M.N., Walter H, Whelan R, Schumann G, Schmidt U, Desrivi\u00e8res S, IMAGEN Consortium.<\/p>\n<p><span style=\"color: #3366ff;\"><strong>Heavy drinking in adolescents is associated with change in brainstem microstructure and reward sensitivity.<\/strong><\/span><\/p>\n<p>Addict Biol. 2020 May;25(3):e12781. doi: 10.1111\/adb.12781. Epub 2019 Jul 21.<\/p>\n<p style=\"text-align: justify;\"><strong>Galinowski A<\/strong>, Miranda R, Lemaitre H,<strong> Artiges E<\/strong>, <strong>Paill\u00e8re-Martinot ML<\/strong>, Filippi I, Penttil\u00e4 J, Grimmer Y, van Noort B.M., Stringaris A, Becker A, Isensee C, Struve M, Fadai T, Kappel V, Goodman R, \u00a0Banaschewski T, Bokde A.L.W., Bromberg U, Br\u00fchl R, B\u00fcchel C, Cattrell C, Conrod P, Desrivi\u00e8res S, Flor H, Fr\u00f6hner J.H., Frouin V, Gallinat J, Garavan H, Gowland P, Heinz A, Hohmann S, Jurk S, Millenet S, Nees F, Papadopoulos-Orfanos D, Poustka L, Burke-Quinlan E, Smolka M.N., Walter H, Whelan R, Schumann G, <strong>Martinot JL<\/strong>, IMAGEN Consortium.<\/p>\n<p><strong><span style=\"color: #3366ff;\">Neural Correlates of the Dual-Pathway Model for ADHD in Adolescents.<\/span><\/strong><\/p>\n<p>Am J Psychiatry. 2020 Sep 1;177(9):844-854. doi: 10.1176\/appi.ajp.2020.19020183. Epub 2020 May 7.<\/p>\n<p style=\"text-align: justify;\">Shen C, Luo Q, Jia T, Zhao Q, Desrivi\u00e8res S, Burke-Quinlan E, Banaschewski T, Millenet S, Bokde A.L.W., B\u00fcchel C, Flor H, Frouin V, Garavan H, Gowland P, Heinz A, Ittermann B, <strong>Martinot JL<\/strong>,<strong> Artiges E<\/strong>, <strong>Paill\u00e8re-Martinot ML<\/strong>, Nees F, Papadopoulos-Orfanos D, Paus T, Poustka L, Fr\u00f6hner J.H., Smolka M.N., Walter H, Whelan R, Li F, Feng J, Schumann G, Sahakian B.J., IMAGEN Consortium.<\/p>\n<h4 class=\"heading-title\" style=\"text-align: justify;\"><span style=\"color: #3366ff;\"><strong>Neural basis of interindividual variability in social perception in typically developing children and adolescents using diffusion tensor imaging.<\/strong><\/span><\/h4>\n<p><span class=\"docsum-journal-citation short-journal-citation\">Sci Rep. 2020.<\/span>\u00a0<span class=\"citation-part\">PMID:\u00a0<span class=\"docsum-pmid\">32286406<\/span><\/span><\/p>\n<p style=\"text-align: justify;\"><strong>Vin\u00e7on-Leite A<\/strong>, <strong>Saitovitch A<\/strong>, Lemaitre H, Rechtman E, <strong>Fillon L<\/strong>, Grevent D, Calmon R, Brunelle F, <strong>Boddaert N<\/strong>, <strong>Zilbovicius M.<\/strong><\/p>\n\n\n","protected":false},"excerpt":{"rendered":"<p>Sex effects on structural maturation of the limbic system and outcomes on emotional regulation during adolescence.\u00a0 Neuroimage. 2020 Apr 15;210:116441. Sex effects Frere PB, Vetter NC, Artiges E, Filippi I, Miranda R, Vulser H, Paill\u00e8re-Martinot ML, Ziesch V, Conrod P, Cattrell A, Walter H, Gallinat J, Bromberg U, Jurk S, Menningen E, Frouin V, Papadopoulos &hellip; <a href=\"https:\/\/www.inserm-u1000.universite-paris-saclay.fr\/?page_id=1924\" class=\"more-link\">Continuer la lecture de <span class=\"screen-reader-text\">Year 2020<\/span> <span class=\"meta-nav\">&rarr;<\/span><\/a><\/p>\n","protected":false},"author":1,"featured_media":0,"parent":0,"menu_order":3,"comment_status":"closed","ping_status":"closed","template":"","meta":[],"_links":{"self":[{"href":"https:\/\/www.inserm-u1000.universite-paris-saclay.fr\/index.php?rest_route=\/wp\/v2\/pages\/1924"}],"collection":[{"href":"https:\/\/www.inserm-u1000.universite-paris-saclay.fr\/index.php?rest_route=\/wp\/v2\/pages"}],"about":[{"href":"https:\/\/www.inserm-u1000.universite-paris-saclay.fr\/index.php?rest_route=\/wp\/v2\/types\/page"}],"author":[{"embeddable":true,"href":"https:\/\/www.inserm-u1000.universite-paris-saclay.fr\/index.php?rest_route=\/wp\/v2\/users\/1"}],"replies":[{"embeddable":true,"href":"https:\/\/www.inserm-u1000.universite-paris-saclay.fr\/index.php?rest_route=%2Fwp%2Fv2%2Fcomments&post=1924"}],"version-history":[{"count":4,"href":"https:\/\/www.inserm-u1000.universite-paris-saclay.fr\/index.php?rest_route=\/wp\/v2\/pages\/1924\/revisions"}],"predecessor-version":[{"id":2145,"href":"https:\/\/www.inserm-u1000.universite-paris-saclay.fr\/index.php?rest_route=\/wp\/v2\/pages\/1924\/revisions\/2145"}],"wp:attachment":[{"href":"https:\/\/www.inserm-u1000.universite-paris-saclay.fr\/index.php?rest_route=%2Fwp%2Fv2%2Fmedia&parent=1924"}],"curies":[{"name":"wp","href":"https:\/\/api.w.org\/{rel}","templated":true}]}}