{"id":1905,"date":"2022-08-04T13:08:28","date_gmt":"2022-08-04T12:08:28","guid":{"rendered":"https:\/\/www.inserm-u1000.universite-paris-saclay.fr\/?page_id=1905"},"modified":"2024-02-29T19:03:37","modified_gmt":"2024-02-29T18:03:37","slug":"year-2022","status":"publish","type":"page","link":"https:\/\/www.inserm-u1000.universite-paris-saclay.fr\/?page_id=1905","title":{"rendered":"Year 2022"},"content":{"rendered":"\n<p><strong><strong><span style=\"color: #3366ff; font-family: Bitter, Georgia, serif; font-size: 20px; text-align: justify;\">Longitudinal associations between adolescent catch-up sleep, white-matter maturation and <strong>internalizing problems. <a href=\"https:\/\/www.inserm-u1000.universite-paris-saclay.fr\/wp-content\/uploads\/2023\/01\/Longitudinal-associations-between-adolescent-catch-up_2023_Developmental-Cog.pdf\">Longitudinal-associations-between-adolescent-catch-up_2023_Developmental-Cog<\/a><\/strong><\/span><\/strong><\/strong><\/p>\n<div>\u00a0<\/div>\n<div><span class=\"docsum-journal-citation full-journal-citation\">Front Dev Cogn Neurosci. 2022 Dec 29;59:101193. doi: 10.1016\/j.dcn.2022.101193. Online ahead of print.PMID:\u00a036610292<\/span><\/div>\n<div>\u00a0<\/div>\n<div style=\"text-align: justify;\">Guldner S, Sarvasmaa AS, Lema\u00eetre H, Massicotte J, Vulser H, Miranda R, Bezivin-Fr\u00e8re P, Filippi I, Penttil\u00e4 J, Banaschewski T, Barker GJ, Bokde AL, Bromberg U, B\u00fcchel C, Conrod PJ, Desrivi\u00e8res S, Flor H, Frouin V, Gallinat J, Garavan H, Gowland P, Heinz A, Nees F, Papadopoulos-Orfanos D, Smolka MN, Schumann G,<strong> Artiges E<\/strong>, <strong>Paill\u00e8re-Martinot ML<\/strong>, <strong>Martinot JL<\/strong>.<\/div>\n<div>\u00a0<\/div>\n<h5 style=\"text-align: justify;\"><span style=\"color: #3366ff;\"><strong>Targeting the pathological network: feasibility of network-based optimization of <\/strong><\/span><span style=\"color: #3366ff;\"><strong>transcranial magnetic stimulation coil placement for treatment of psychiatric <\/strong><\/span><span style=\"color: #3366ff;\"><strong>disorders. <a href=\"https:\/\/www.inserm-u1000.universite-paris-saclay.fr\/wp-content\/uploads\/2023\/01\/Zhengcao_Cao_Targeting_Frontiers_NS_2023.pdf\">Zhengcao_Cao_Targeting_Frontiers_NS_2023<\/a><\/strong><\/span><\/h5>\n<p>Frontiers in Neuroscience. doi: 10;3389\/fnins.2022.1079078<\/p>\n<p>Cao Z, Xiao X, Zhao Y,\u00a0Jiang Y, Xie C, <strong>Paill\u00e8re-Martinot ML<\/strong>, <strong>Artiges E<\/strong>, Li Z, Daskalakis Z.J, Yang Y, Zhu C.<\/p>\n<h5><span style=\"color: #3366ff;\">Anxiety onset in adolescents: a machine-learning prediction. <\/span><\/h5>\n<p><span style=\"color: #000000;\">Molecular Psychiatry\u00a0\u00a0(2022 Accept\u00e9).<\/span><\/p>\n<p style=\"text-align: justify;\"><strong>Chavanne A<\/strong>,\u00a0\u00a0<strong>Paill\u00e8re-Martinot ML<\/strong>,\u00a0\u00a0Penttil\u00e4 J,\u00a0\u00a0Grimmer Y,\u00a0\u00a0Conrod P; Stringaris A, Betteke van Noort B, Isensee C, Becker A, Ph.D.9; Banaschewski T, Bokde ALW, Desrivi\u00e8res S, Flor H, Grigis A; GaravanH, ; Gowland P, Heinz A, M.D., Br\u00fchl R, Nees F, Papadopoulos Orfanos D, Paus T, Poustka L, Hohmann S, Millenet S, Fr\u00f6hner JH, Smolka MN, Walter H, Whelan R, Schumann G, <strong>Martinot<\/strong> <strong>JL<\/strong>,\u00a0<strong> Artiges E<\/strong>, for the IMAGEN Consortium.<\/p>\n<h5 style=\"text-align: justify;\"><span style=\"color: #3366ff;\">Longitudinal trajectory of the link between ventral striatum and depression in adolescence.<\/span><\/h5>\n<p>Am J Psychiatry. 2022 Jul;179(7):470-481. doi: 10.1176\/appi.ajp.20081180.\u00a0<\/p>\n<p style=\"text-align: justify;\">Pan PM, Sato JR, <strong>Paill\u00e8re-Martinot ML<\/strong>,\u00a0<strong>Martinot JL<\/strong>, <strong>Artiges E<\/strong>, Penttil\u00e4 J, Grimmer Y, van Noort BM, Becker A, Banaschewski T, Bokde ALW, Desrivi\u00e8res S, Flor H, Garavan H, Ittermann B, Nees F, Papadopoulos Orfanos D, Poustka L, Fr\u00f6hner JH, Whelan R, Schumann G, Westwater ML, Grillon C, Cogo-Moreira H, Stringaris A, Ernst M &amp; IMAGEN Consortium.<\/p>\n<h5 style=\"text-align: justify;\"><span style=\"color: #3366ff;\"><strong>Chronotype, longitudinal volumetric brain variations throughout adolescence and depressive symptom development.<\/strong><\/span><\/h5>\n<p>J Am Acad Child Adolesc Psychiatry. 2022 Jun 15:S0890-8567(22)00298-2. doi: 10.1016\/j.jaac.2022.06.003.<\/p>\n<p style=\"text-align: justify;\">Vulser H, Lema\u00eetre HS, Guldner S, Bezivin-Fr\u00e8re P, L\u00f6ffler M, Sarvasmaa AS, Massicotte-Marquez J, <strong>Artiges E<\/strong>, <strong>Paill\u00e8re-Martinot ML<\/strong>, Filippi I, Miranda R, Stringaris A, van Noort BM, Penttil\u00e4 J, Grimmer Y, Becker A, Banaschewski T, Bokde ALW, Desrivi\u00e8res S, Fr\u00f6hner JH, Garavan H, Grigis A, Gowland PA, Heinz A, Papadopoulos Orfanos D, Poustka L, Smolka MN, Spechler PA, Walter H, Whelan R, Schumann G, Flor H, <strong>Martinot JL<\/strong>, Nees F &amp; IMAGEN Consortium.<\/p>\n<h5 style=\"text-align: justify;\"><span style=\"color: #3366ff;\"><strong>Cortical profiles of numerous psychiatric disorders and normal development share a common pattern.<\/strong><\/span><\/h5>\n<p>Mol Psychiatry. 2022 Nov 15. doi: 10.1038\/s41380-022-01855-6.<\/p>\n<p style=\"text-align: justify;\">Cao Z, Cupertino RB, Ottino-Gonzalez J, Murphy A, Pancholi D, Juliano A, Chaarani B, Albaugh M, Yuan D, Schwab N, Stafford J, Goudriaan AE, Hutchison K, Li CR, Luijten M, Groefsema M, Momenan R, Schmaal L, Sinha R, van Holst RJ, Veltman DJ, Wiers RW, Porjesz B, Lett T, Banaschewski T, Bokde ALW, Desrivi\u00e8res S, Flor H, Grigis A, Gowland P, Heinz A, Br\u00fchl R,\u00a0<strong>Martinot JL<\/strong>, <strong>Paill\u00e8re-Martinot ML<\/strong>, <strong>Artiges E<\/strong>, Nees F, Orfanos DP, Paus T, Poustka L, Hohmann S, Millenet S, Fr\u00f6hner JH, Robinson L, Smolka MN, Walter H, Winterer J, Schumann G, Whelan R, Bhatt RR, Zhu A, Conrod P, Jahanshad N, Thompson PM, Mackey S, Garavan H; IMAGEN Consortium; ENIGMA Addiction Working Group.<\/p>\n<h5><span style=\"color: #3366ff;\">Genetic variants associated with longitudinal changes in brain structure across the lifespan<\/span><\/h5>\n<p>Nat Neuroscience. 2022 Apr;25(4):421-432. doi: 10.1038\/s41593-022-01042-4.\u00a0Epub 2022 Apr 5.<\/p>\n<p>Brouwer R.M, Klein M, Grasby K.L, Schnack H.G,&#8230;.. <strong>Artiges E<\/strong>, &#8230;&#8230;<strong>Paill\u00e8re-Martinot ML<\/strong>,&#8230;..<strong>Martinot JL<\/strong>,&#8230;.., IMAGEN Consortium, Franke B, Thompson P.M &amp; Hulshoff Pol H.E.<\/p>\n<h5><span style=\"color: #3366ff;\">Global urbanicity is associated with brain and behaviour in young people<\/span><\/h5>\n<p>Nat Hum Behav. 2022 Feb;6(2):279-293. doi: 10.1038\/s41562-021-01204-7. Epub 2021 Oct 28.<\/p>\n<div>\n<div class=\"field__item\" style=\"text-align: justify;\">\n<p>Xu J, Liu X, Li Q, Goldblatt R, Qin W, Liu F, Chu C, Luo Q, Ing A, Guo L, Liu N, Liu H, Huang C, Cheng J,\u00a0\u00a0 \u00a0\u00a0Wang M, Geng Z, Zhu W, Zhang B, Liao W, Qiu S, Zhang H,\u00a0Xu X, Yu Y, Gao B, Han T, Cui G, Chen F, \u00a0Xian J, Li J, Zhang J, Zuo X.N, Wang D, Shen W, Miao Y, Yuan F, Lui S, Zhang X, Xu K, Zhang L, Ye Z, Banaschewski T, Barker G.J, Bokde ALW, Flor H, Grigis A, Garavan H,Gowland P, Heinz A, Br\u00fchl R, <strong>Martinot JL<\/strong>, <strong>Artiges E<\/strong>, Nees F, Papadopoulos Orfanos D, Lemaitre H,\u00a0Paus T, Poustka L, Robinson L, Hohmann S, Fr\u00f6hner J.H, Smolka M.N, Walter H, Whelan R,Winterer J, Patrick K, Calhoun V, Jun Li M, Liang M, Gong P, Barker E.D, Clinton N, Marquand A,Yu L, Yu C, Schumann G,\u00a0CHIMGEN &amp; IMAGEN Consortium.<\/p>\n<\/div>\n<\/div>\n<h5><span style=\"color: #3366ff;\">Autistic traits and alcohol use in adolescents within the general population<\/span><\/h5>\n<p>Eur Child Adolesc Psychiatry. 2022 Mar 23. doi: 10.1007\/s00787-022-01970-3. Online ahead of print.<\/p>\n<p style=\"text-align: justify;\">Pijnenburg L.J, Kaplun A, de Haan L, Janecka M, Smith L, Reichenberg A, Banaschewski T, Bokde A.L.W, Quinlan E.B, Desrivi\u00e8res S, Grigis A, Garavan H, Gowland P, Heinz A, Ittermann B, <strong>Martinot JL<\/strong>, <strong>Paill\u00e8re-Martinot ML<\/strong>, Nees F, Papadopoulos Orfanos D, Paus T, Poustka L,\u00a0 Hohmann S, Millenet S, Fr\u00f6hner J.H, Smolka M.N, Walter H, Whelan R, Schumann G, Velthorst E &amp; IMAGEN Consortium.<\/p>\n<h5><span style=\"color: #3366ff;\">A Developmental Perspective on Facets of Impulsivity and Brain Activity Correlates From Adolescence to Adulthood<\/span><\/h5>\n<p>Biol Psychiatry Cogn Neurosci Neuroimaging. 2022 Feb 16;S2451-9022(22)00042-8. doi: 10.1016\/j.bpsc.2022.02.003. Online ahead of print.<\/p>\n<p style=\"text-align: justify;\"><span style=\"color: #000000;\"><a style=\"color: #000000;\" href=\"https:\/\/pubmed.ncbi.nlm.nih.gov\/?term=Kaiser+A&amp;cauthor_id=35182817\">Kaiser<\/a> A,\u00a0<a style=\"color: #000000;\" href=\"https:\/\/pubmed.ncbi.nlm.nih.gov\/?term=Holz+NE&amp;cauthor_id=35182817\">Holz<\/a> N.E,\u00a0<a style=\"color: #000000;\" href=\"https:\/\/pubmed.ncbi.nlm.nih.gov\/?term=Banaschewski+T&amp;cauthor_id=35182817\">Banaschewski<\/a> T,\u00a0<a style=\"color: #000000;\" href=\"https:\/\/pubmed.ncbi.nlm.nih.gov\/?term=Baumeister+S&amp;cauthor_id=35182817\">Baumeister<\/a> S,\u00a0<a style=\"color: #000000;\" href=\"https:\/\/pubmed.ncbi.nlm.nih.gov\/?term=Bokde+ALW&amp;cauthor_id=35182817\">Bokde<\/a> A.L.W,\u00a0<a style=\"color: #000000;\" href=\"https:\/\/pubmed.ncbi.nlm.nih.gov\/?term=Desrivi%C3%A8res+S&amp;cauthor_id=35182817\">Desrivi\u00e8res<\/a><sup>\u00a0 <\/sup>S,\u00a0<a style=\"color: #000000;\" href=\"https:\/\/pubmed.ncbi.nlm.nih.gov\/?term=Flor+H&amp;cauthor_id=35182817\">Flor<\/a> H,\u00a0<a style=\"color: #000000;\" href=\"https:\/\/pubmed.ncbi.nlm.nih.gov\/?term=Fr%C3%B6hner+JH&amp;cauthor_id=35182817\">Fr\u00f6hner<\/a> J.H,\u00a0<a style=\"color: #000000;\" href=\"https:\/\/pubmed.ncbi.nlm.nih.gov\/?term=Grigis+A&amp;cauthor_id=35182817\">Grigis<\/a> A,\u00a0<a style=\"color: #000000;\" href=\"https:\/\/pubmed.ncbi.nlm.nih.gov\/?term=Garavan+H&amp;cauthor_id=35182817\">Garavan<\/a> A.H,\u00a0<a style=\"color: #000000;\" href=\"https:\/\/pubmed.ncbi.nlm.nih.gov\/?term=Gowland+P&amp;cauthor_id=35182817\">Gowland<\/a> P,\u00a0<a style=\"color: #000000;\" href=\"https:\/\/pubmed.ncbi.nlm.nih.gov\/?term=Heinz+A&amp;cauthor_id=35182817\">Heinz<\/a> A,\u00a0<a style=\"color: #000000;\" href=\"https:\/\/pubmed.ncbi.nlm.nih.gov\/?term=Ittermann+B&amp;cauthor_id=35182817\">Ittermann<\/a> B,\u00a0<strong><a style=\"color: #000000;\" href=\"https:\/\/pubmed.ncbi.nlm.nih.gov\/?term=Martinot+JL&amp;cauthor_id=35182817\">Martinot<\/a> JL<\/strong>,\u00a0<strong><a style=\"color: #000000;\" href=\"https:\/\/pubmed.ncbi.nlm.nih.gov\/?term=Paill%C3%A8re+Martinot+ML&amp;cauthor_id=35182817\"> Paill\u00e8re-Martinot<\/a><\/strong> <strong>ML<\/strong>,\u00a0<strong><a style=\"color: #000000;\" href=\"https:\/\/pubmed.ncbi.nlm.nih.gov\/?term=Artiges+E&amp;cauthor_id=35182817\">Artiges<\/a> E<\/strong>,\u00a0<a style=\"color: #000000;\" href=\"https:\/\/pubmed.ncbi.nlm.nih.gov\/?term=Millenet+S&amp;cauthor_id=35182817\">Millenet<\/a> S,\u00a0<a style=\"color: #000000;\" href=\"https:\/\/pubmed.ncbi.nlm.nih.gov\/?term=Orfanos+DP&amp;cauthor_id=35182817\">Papadopoulos Orfanos<\/a> D,\u00a0<a style=\"color: #000000;\" href=\"https:\/\/pubmed.ncbi.nlm.nih.gov\/?term=Poustka+L&amp;cauthor_id=35182817\">Poustka<\/a> L,\u00a0<a style=\"color: #000000;\" href=\"https:\/\/pubmed.ncbi.nlm.nih.gov\/?term=Schwarz+E&amp;cauthor_id=35182817\">Schwarz<\/a> E,\u00a0<a style=\"color: #000000;\" href=\"https:\/\/pubmed.ncbi.nlm.nih.gov\/?term=Smolka+MN&amp;cauthor_id=35182817\">Smolka<\/a> M.N,\u00a0<a style=\"color: #000000;\" href=\"https:\/\/pubmed.ncbi.nlm.nih.gov\/?term=Walter+H&amp;cauthor_id=35182817\">Walter<\/a> H,\u00a0<a style=\"color: #000000;\" href=\"https:\/\/pubmed.ncbi.nlm.nih.gov\/?term=Whelan+R&amp;cauthor_id=35182817\">Whelan<\/a> R,\u00a0<a style=\"color: #000000;\" href=\"https:\/\/pubmed.ncbi.nlm.nih.gov\/?term=Schumann+G&amp;cauthor_id=35182817\">Schumann<\/a> G,\u00a0<a style=\"color: #000000;\" href=\"https:\/\/pubmed.ncbi.nlm.nih.gov\/?term=Brandeis+D&amp;cauthor_id=35182817\">Brandeis<\/a> D,\u00a0<a style=\"color: #000000;\" href=\"https:\/\/pubmed.ncbi.nlm.nih.gov\/?term=Nees+F&amp;cauthor_id=35182817\">Nees<\/a> F&amp;\u00a0<a style=\"color: #000000;\" href=\"https:\/\/pubmed.ncbi.nlm.nih.gov\/?term=IMAGEN+Consortium%5BCorporate+Author%5D\">IMAGEN Consortium<\/a>.<\/span><\/p>\n<h5 class=\"heading-title\"><span style=\"color: #3366ff;\">Central Nervous System Complications in Cystinosis: The Role of Neuroimaging<\/span><\/h5>\n<div class=\"article-source\">\n<div class=\"journal-actions dropdown-block\"><span class=\"period\" style=\"font-size: revert;\">Cells. <\/span><span class=\"cit\" style=\"font-size: revert;\">2022 Feb 15;11(4):682. <\/span><span style=\"font-size: revert;\">doi: 10.3390\/cells11040682.<\/span><\/div>\n<\/div>\n<div>\u00a0<\/div>\n<div><span style=\"color: #000000;\"><span class=\"authors-list-item \"><a class=\"full-name\" style=\"color: #000000;\" href=\"https:\/\/pubmed.ncbi.nlm.nih.gov\/?term=Servais+A&amp;cauthor_id=35203331\" data-ga-category=\"search\" data-ga-action=\"author_link\" data-ga-label=\"Aude Servais\">Servais A<\/a><sup class=\"affiliation-links\"><a class=\"affiliation-link\" style=\"color: #000000;\" title=\"INSERM U1163, Imagine Institute, Paris University, 75015 Paris, France.\" href=\"https:\/\/pubmed.ncbi.nlm.nih.gov\/35203331\/#affiliation-2\">\u00a0<\/a><\/sup><span class=\"comma\">, <\/span><\/span><span class=\"authors-list-item \"><strong><a class=\"full-name\" style=\"color: #000000;\" href=\"https:\/\/pubmed.ncbi.nlm.nih.gov\/?term=Boisgontier+J&amp;cauthor_id=35203331\" data-ga-category=\"search\" data-ga-action=\"author_link\" data-ga-label=\"Jennifer Boisgontier\">Boisgontier J<\/a><\/strong><span class=\"comma\">, <\/span><\/span><span class=\"authors-list-item \"><strong><a class=\"full-name\" style=\"color: #000000;\" href=\"https:\/\/pubmed.ncbi.nlm.nih.gov\/?term=Saitovitch+A&amp;cauthor_id=35203331\" data-ga-category=\"search\" data-ga-action=\"author_link\" data-ga-label=\"Ana Saitovitch\">Saitovitch A<\/a><\/strong><span class=\"comma\">, <\/span><\/span><span class=\"authors-list-item \"><a class=\"full-name\" style=\"color: #000000;\" href=\"https:\/\/pubmed.ncbi.nlm.nih.gov\/?term=Hummel+A&amp;cauthor_id=35203331\" data-ga-category=\"search\" data-ga-action=\"author_link\" data-ga-label=\"Aur\u00e9lie Hummel\">Hummel A, <\/a><span class=\"comma\">\u00a0<\/span><\/span><strong><span class=\"authors-list-item \"><a class=\"full-name\" style=\"color: #000000;\" href=\"https:\/\/pubmed.ncbi.nlm.nih.gov\/?term=Boddaert+N&amp;cauthor_id=35203331\" data-ga-category=\"search\" data-ga-action=\"author_link\" data-ga-label=\"Nathalie Boddaert\">Boddaert N.<\/a><\/span><\/strong><\/span><\/div>\n<h4 style=\"text-align: justify;\"><span style=\"color: #3366ff;\"><strong><span style=\"font-family: Bitter, Georgia, serif; font-size: 20px;\">Periodic electroencephalographic discharges and epileptic spasms involve cortico-striatal-thalamic loops on Arterial Spin Labeling Magnetic Resonance Imaging.<\/span><\/strong><\/span><\/h4>\n<p><span class=\"docsum-journal-citation full-journal-citation\">Brain Commun. 2022 Oct 6;4(5):fcac250. doi: 10.1093\/braincomms\/fcac250. eCollection 2022.<\/span><span class=\"citation-part\">PMID:\u00a0<span class=\"docsum-pmid\">36324869<\/span><\/span><\/p>\n<p style=\"text-align: justify;\">Isermann M, <strong>Fillon L<\/strong>, <strong>Saitovitch A<\/strong>, <strong>Boisgontier J<\/strong>, <strong>Vin\u00e7on-Leite A<\/strong>, Dangouloff-Ros V, Blauwblomme T, Bourgeois M, Dangles MT, Coste-Zeitoun D, Vignolo-Diard P, Aubart M, Kossorotoff M, Hully M, Losito E, Chemaly N, <strong>Zilbovicius M<\/strong>, Desguerre I, Nabbout R, <strong>Boddaert N<\/strong>, Kaminska A.<\/p>\n<h4 class=\"heading-title\" style=\"text-align: justify;\"><span style=\"color: #3366ff;\"><strong>Arterial Spin-Labeling Perfusion Imaging in the Early Stage of Sturge-Weber Syndrome.<\/strong><\/span><\/h4>\n<p><span class=\"docsum-journal-citation full-journal-citation\">AJNR Am J Neuroradiol. 2022 Oct;43(10):1516-1522. doi: 10.3174\/ajnr.A7643. Epub 2022 Sep 22.<\/span><span class=\"citation-part\">PMID:\u00a0<span class=\"docsum-pmid\">3613766<\/span><\/span><\/p>\n<p>Pouliquen G, <strong>Fillon L<\/strong>, Dangouloff-Ros V, Kuchenbuch M, Bar C, Chemaly N, Levy R, Roux CJ, <strong>Saitovitch A<\/strong>, <strong>Boisgontier J<\/strong>, Nabbout R, <strong>Boddaert N<\/strong>.<\/p>\n<h4 class=\"heading-title\">\u00a0<\/h4>\n<div>\u00a0<\/div>\n<div>\u00a0<\/div>\n\n\n","protected":false},"excerpt":{"rendered":"<p>Longitudinal associations between adolescent catch-up sleep, white-matter maturation and internalizing problems. Longitudinal-associations-between-adolescent-catch-up_2023_Developmental-Cog \u00a0 Front Dev Cogn Neurosci. 2022 Dec 29;59:101193. doi: 10.1016\/j.dcn.2022.101193. Online ahead of print.PMID:\u00a036610292 \u00a0 Guldner S, Sarvasmaa AS, Lema\u00eetre H, Massicotte J, Vulser H, Miranda R, Bezivin-Fr\u00e8re P, Filippi I, Penttil\u00e4 J, Banaschewski T, Barker GJ, Bokde AL, Bromberg U, B\u00fcchel C, &hellip; <a href=\"https:\/\/www.inserm-u1000.universite-paris-saclay.fr\/?page_id=1905\" class=\"more-link\">Continuer la lecture de <span class=\"screen-reader-text\">Year 2022<\/span> <span class=\"meta-nav\">&rarr;<\/span><\/a><\/p>\n","protected":false},"author":1,"featured_media":0,"parent":0,"menu_order":1,"comment_status":"closed","ping_status":"closed","template":"","meta":[],"_links":{"self":[{"href":"https:\/\/www.inserm-u1000.universite-paris-saclay.fr\/index.php?rest_route=\/wp\/v2\/pages\/1905"}],"collection":[{"href":"https:\/\/www.inserm-u1000.universite-paris-saclay.fr\/index.php?rest_route=\/wp\/v2\/pages"}],"about":[{"href":"https:\/\/www.inserm-u1000.universite-paris-saclay.fr\/index.php?rest_route=\/wp\/v2\/types\/page"}],"author":[{"embeddable":true,"href":"https:\/\/www.inserm-u1000.universite-paris-saclay.fr\/index.php?rest_route=\/wp\/v2\/users\/1"}],"replies":[{"embeddable":true,"href":"https:\/\/www.inserm-u1000.universite-paris-saclay.fr\/index.php?rest_route=%2Fwp%2Fv2%2Fcomments&post=1905"}],"version-history":[{"count":6,"href":"https:\/\/www.inserm-u1000.universite-paris-saclay.fr\/index.php?rest_route=\/wp\/v2\/pages\/1905\/revisions"}],"predecessor-version":[{"id":2140,"href":"https:\/\/www.inserm-u1000.universite-paris-saclay.fr\/index.php?rest_route=\/wp\/v2\/pages\/1905\/revisions\/2140"}],"wp:attachment":[{"href":"https:\/\/www.inserm-u1000.universite-paris-saclay.fr\/index.php?rest_route=%2Fwp%2Fv2%2Fmedia&parent=1905"}],"curies":[{"name":"wp","href":"https:\/\/api.w.org\/{rel}","templated":true}]}}